{"id":10,"date":"2016-12-17T06:24:53","date_gmt":"2016-12-17T06:24:53","guid":{"rendered":"http:\/\/localhost\/COLAB\/Margo\/WordPress\/?page_id=10"},"modified":"2019-05-24T10:59:35","modified_gmt":"2019-05-24T10:59:35","slug":"artisans-immobilieres","status":"publish","type":"page","link":"https:\/\/www.comporta-signature.com\/es\/artisans-immobilieres\/","title":{"rendered":"Artisans immobiliers Depuis 1980"},"content":{"rendered":"<p>[vc_row full_width=\u00bbstretch_row_content\u00bb content_placement=\u00bbmiddle\u00bb css=\u00bb.vc_custom_1497001760132{margin-right: 30px !important;margin-left: 30px !important;border-bottom-width: -40px !important;}\u00bb][vc_column][vc_column_text]<\/p>\n<p style=\"text-align: center;\"><span style=\"font-family: 'La Belle Aurore', cursive; font-size: 50px; margin-top: 30px; color: #9c8c56;\"> Artesanos inmobiliarios<\/span><\/p>\n<p style=\"padding-bottom: 30px; text-align: center;\"><span style=\"font-family: 'La Belle Aurore', cursive; font-size: 50px; text-align: center; color: #9c8c56;\">desde 1980<\/span><\/p>\n<p style=\"text-align: center;\"><span style=\"font-family: 'La Belle Aurore', cursive; font-size: 30px; padding-left: 40px; margin-top: 30px; margin-bottom: 10px; color: #9c8c56; padding-right: 10px;\">Hemos desarrollado durante 30 a\u00f1os, la filosof\u00eda del artesanado de lujo del sector inmobiliario. Cada proyecto es cuidado, como si de una pieza \u00fanica se tratase, en estrecha colaboraci\u00f3n con vosotros, nuestros clientes<\/span><\/p>\n<p>[\/vc_column_text][\/vc_column][\/vc_row][vc_row full_width=\u00bbstretch_row_content\u00bb content_placement=\u00bbmiddle\u00bb css=\u00bb.vc_custom_1497001303627{border-bottom-width: 3px !important;background-color: #9c8c56 !important;border-bottom-color: #ffffff !important;border-bottom-style: solid !important;}\u00bb][vc_column][vc_column_text]<\/p>\n<p style=\"font-family: 'Special Elite', cursive; padding-bottom: 30px; text-align: center;\"><span style=\"font-size: 38px; text-align: center; color: #fff; text-transform: uppercase;\">Raw-Chic<sup>\u00ae<\/sup> Concept:<\/span><\/p>\n<p style=\"text-align: center;\"><span style=\"font-size: 30px; margin-top: 30px; color: #fff;\">Exterior<\/span><\/p>\n<p>[\/vc_column_text][\/vc_column][\/vc_row][vc_row full_width=\u00bbstretch_row_content_no_spaces\u00bb][vc_column css=\u00bb.vc_custom_1497001325208{background-color: #5f5c31 !important;}\u00bb][vc_column_text css=\u00bb.vc_custom_1495203924193{padding-right: 30px !important;padding-left: 30px !important;}\u00bb]<\/p>\n<p style=\"text-align: center;\"><span style=\"font-family: 'La Belle Aurore', cursive; text-align: center; font-size: 35px; line-height: 18px; text-transform: none; letter-spacing: 0.05em; color: #fff;\"> Cabana Chic<\/span><\/p>\n<p>[\/vc_column_text][vc_row_inner css=\u00bb.vc_custom_1492754388989{background-color: #ffffff !important;}\u00bb][vc_column_inner][vc_column_text css=\u00bb.vc_custom_1499768003895{padding-right: 20px !important;padding-left: 20px !important;}\u00bb]<\/p>\n<p style=\"text-align: center;\"><span style=\"font-family: 'La Belle Aurore', cursive; text-align: center; font-size: 25px; line-height: 18px; text-transform: none; letter-spacing: 0.05em; color: #9c8c56;\">La quintaesencia del estilo r\u00fastico contempor\u00e1neo; simplicidad de l\u00edneas y aspecto\u201craw\u201d: doble altura \u201cefecto catedral\u201d, grandes espacios, m\u00e1xima luminosidad y c\u00e1lidas estructuras en madera natural<\/span><\/p>\n<p>[\/vc_column_text][\/vc_column_inner][\/vc_row_inner][\/vc_column][\/vc_row][vc_row full_width=\u00bbstretch_row\u00bb content_placement=\u00bbmiddle\u00bb css=\u00bb.vc_custom_1497000220104{border-bottom-width: 3px !important;background-image: url(http:\/\/www.comporta-signature.com\/wp-content\/uploads\/2017\/05\/CHIC-Piscina.jpg?id=1180) !important;background-position: center !important;background-repeat: no-repeat !important;background-size: cover !important;border-bottom-color: #ffffff !important;border-bottom-style: solid !important;}\u00bb][vc_column][vc_empty_space height=\u00bb700px\u00bb][\/vc_column][\/vc_row][vc_row full_width=\u00bbstretch_row\u00bb content_placement=\u00bbmiddle\u00bb css=\u00bb.vc_custom_1497000235658{border-bottom-width: 3px !important;background-image: url(http:\/\/www.comporta-signature.com\/wp-content\/uploads\/2017\/05\/CABANA-CHIC-INT\u00c9RIEUR.jpg?id=1179) !important;background-position: center !important;background-repeat: no-repeat !important;background-size: cover !important;border-bottom-color: #ffffff !important;border-bottom-style: solid !important;}\u00bb][vc_column][vc_empty_space height=\u00bb700px\u00bb][\/vc_column][\/vc_row][vc_row full_width=\u00bbstretch_row_content_no_spaces\u00bb][vc_column css=\u00bb.vc_custom_1492755313418{background-color: #5f5c31 !important;}\u00bb][vc_column_text css=\u00bb.vc_custom_1495203913941{padding-right: 30px !important;padding-left: 30px !important;}\u00bb]<\/p>\n<p style=\"text-align: center;\"><span style=\"font-family: 'La Belle Aurore', cursive; text-align: center; font-size: 35px; line-height: 18px; text-transform: none; letter-spacing: 0.05em; color: #fff;\"> Quinta Refresh<\/span><\/p>\n<p>[\/vc_column_text][vc_row_inner css=\u00bb.vc_custom_1492754388989{background-color: #ffffff !important;}\u00bb][vc_column_inner][vc_column_text css=\u00bb.vc_custom_1499768030252{padding-right: 20px !important;padding-left: 20px !important;}\u00bb]<\/p>\n<p style=\"text-align: center;\"><span style=\"font-family: 'La Belle Aurore', cursive; text-align: center; font-size: 25px; line-height: 18px; text-transform: none; letter-spacing: 0.05em; color: #9c8c56;\">Asemeja a la cl\u00e1sica \u201cQuinta\u201d de los terratenientes alentejanos, reinterpretada con un toque de discreto minimalismo<\/span><\/p>\n<p>[\/vc_column_text][\/vc_column_inner][\/vc_row_inner][\/vc_column][\/vc_row][vc_row full_width=\u00bbstretch_row\u00bb content_placement=\u00bbmiddle\u00bb css=\u00bb.vc_custom_1497000261253{border-bottom-width: 3px !important;background-image: url(http:\/\/www.comporta-signature.com\/wp-content\/uploads\/2016\/12\/QUINTA-REFRESH-FA\u00c7ADE-e1493826183345.jpg?id=952) !important;background-position: center !important;background-repeat: no-repeat !important;background-size: cover !important;border-bottom-color: #ffffff !important;border-bottom-style: solid !important;}\u00bb][vc_column][vc_empty_space height=\u00bb700px\u00bb][\/vc_column][\/vc_row][vc_row full_width=\u00bbstretch_row\u00bb content_placement=\u00bbmiddle\u00bb css=\u00bb.vc_custom_1497000287179{border-bottom-width: 3px !important;background-image: url(http:\/\/www.comporta-signature.com\/wp-content\/uploads\/2017\/05\/QUINTA-REFRESH-INTERIEUR-LAT\u00c9RAL.jpg?id=1178) !important;background-position: center !important;background-repeat: no-repeat !important;background-size: cover !important;border-bottom-color: #ffffff !important;border-bottom-style: solid !important;}\u00bb][vc_column][vc_empty_space height=\u00bb700px\u00bb][\/vc_column][\/vc_row][vc_row full_width=\u00bbstretch_row_content_no_spaces\u00bb][vc_column css=\u00bb.vc_custom_1495203719720{background-color: #5f5c31 !important;}\u00bb][vc_column_text css=\u00bb.vc_custom_1495203903489{padding-right: 30px !important;padding-left: 30px !important;}\u00bb]<\/p>\n<p style=\"text-align: center;\"><span style=\"font-family: 'La Belle Aurore', cursive; text-align: center; font-size: 35px; line-height: 18px; text-transform: none; letter-spacing: 0.05em; color: #fff;\">Roots<\/span><\/p>\n<p>[\/vc_column_text][vc_row_inner css=\u00bb.vc_custom_1492754388989{background-color: #ffffff !important;}\u00bb][vc_column_inner][vc_column_text css=\u00bb.vc_custom_1499768054036{padding-right: 20px !important;padding-left: 20px !important;}\u00bb]<\/p>\n<p style=\"text-align: center;\"><span style=\"font-family: 'La Belle Aurore', cursive; text-align: center; font-size: 25px; line-height: 18px; text-transform: none; letter-spacing: 0.05em; color: #9c8c56;\">Las mezclas ins\u00f3litas nunca fallan, y en este caso, la uni\u00f3n de la cal a la madera y al tejado de brezo, consiguen un aire refinad\u00edsimo, sin perder el car\u00e1cter rural local<\/span><\/p>\n<p>[\/vc_column_text][\/vc_column_inner][\/vc_row_inner][\/vc_column][\/vc_row][vc_row full_width=\u00bbstretch_row\u00bb content_placement=\u00bbmiddle\u00bb css=\u00bb.vc_custom_1500334451056{border-bottom-width: 3px !important;background-image: url(http:\/\/www.comporta-signature.com\/wp-content\/uploads\/2016\/12\/ROOT1edited.jpg?id=1903) !important;background-position: center !important;background-repeat: no-repeat !important;background-size: cover !important;border-bottom-color: #ffffff !important;border-bottom-style: solid !important;}\u00bb][vc_column][vc_empty_space height=\u00bb500px\u00bb][\/vc_column][\/vc_row][vc_row full_width=\u00bbstretch_row\u00bb content_placement=\u00bbmiddle\u00bb css=\u00bb.vc_custom_1500334464984{border-bottom-width: 3px !important;background-image: url(http:\/\/www.comporta-signature.com\/wp-content\/uploads\/2016\/12\/Roots-interior2edited.jpg?id=1904) !important;background-position: center !important;background-repeat: no-repeat !important;background-size: cover !important;border-bottom-color: #ffffff !important;border-bottom-style: solid !important;}\u00bb][vc_column][vc_empty_space height=\u00bb500px\u00bb][\/vc_column][\/vc_row][vc_row full_width=\u00bbstretch_row_content_no_spaces\u00bb][vc_column css=\u00bb.vc_custom_1492755313418{background-color: #5f5c31 !important;}\u00bb][vc_column_text css=\u00bb.vc_custom_1495203892629{padding-right: 30px !important;padding-left: 30px !important;}\u00bb]<\/p>\n<p style=\"text-align: center;\"><span style=\"font-family: 'La Belle Aurore', cursive; text-align: center; font-size: 35px; line-height: 18px; text-transform: none; letter-spacing: 0.05em; color: #fff;\"> Epur\u00e9e<\/span><\/p>\n<p>[\/vc_column_text][vc_row_inner css=\u00bb.vc_custom_1495204049610{background-color: #ffffff !important;}\u00bb][vc_column_inner][vc_column_text css=\u00bb.vc_custom_1499768078802{padding-right: 20px !important;padding-left: 20px !important;}\u00bb]<\/p>\n<p style=\"text-align: center;\"><span style=\"font-family: 'La Belle Aurore', cursive; text-align: center; font-size: 25px; line-height: 18px; text-transform: none; letter-spacing: 0.05em; color: #9c8c56;\">Elegancia depurada, minimalista y muy contempor\u00e1nea, empapada de luz c\u00e1lida y rebosante de comodidad<\/span><\/p>\n<p>[\/vc_column_text][\/vc_column_inner][\/vc_row_inner][\/vc_column][\/vc_row][vc_row full_width=\u00bbstretch_row\u00bb content_placement=\u00bbmiddle\u00bb css=\u00bb.vc_custom_1500334504806{border-bottom-width: 3px !important;background-image: url(http:\/\/www.comporta-signature.com\/wp-content\/uploads\/2017\/07\/Fachada-00-edit.jpg?id=1914) !important;background-position: center !important;background-repeat: no-repeat !important;background-size: cover !important;border-bottom-color: #ffffff !important;border-bottom-style: solid !important;}\u00bb][vc_column][vc_empty_space height=\u00bb700px\u00bb][\/vc_column][\/vc_row][vc_row full_width=\u00bbstretch_row\u00bb content_placement=\u00bbmiddle\u00bb css=\u00bb.vc_custom_1500334544360{border-bottom-width: 3px !important;background-image: url(http:\/\/www.comporta-signature.com\/wp-content\/uploads\/2017\/07\/Interior-00-edit.jpg?id=1915) !important;background-position: center !important;background-repeat: no-repeat !important;background-size: cover !important;border-bottom-color: #ffffff !important;border-bottom-style: solid !important;}\u00bb][vc_column][vc_empty_space height=\u00bb700px\u00bb][\/vc_column][\/vc_row][vc_row full_width=\u00bbstretch_row_content\u00bb css=\u00bb.vc_custom_1497001383098{background-color: #9c8c56 !important;}\u00bb][vc_column][vc_column_text]<\/p>\n<p style=\"font-family: 'Special Elite', cursive; padding-bottom: 30px; text-align: center;\"><span style=\"font-size: 38px; text-align: center; color: #fff; text-transform: uppercase;\">Raw-Chic<sup>\u00ae<\/sup> Concept:<\/span><\/p>\n<p style=\"text-align: center;\"><span style=\"font-size: 30px; margin-top: 30px; color: #fff;\">Interior<\/span><\/p>\n<p>[\/vc_column_text][\/vc_column][\/vc_row][vc_row full_width=\u00bbstretch_row_content\u00bb content_placement=\u00bbmiddle\u00bb css=\u00bb.vc_custom_1495202820248{background-position: center !important;background-repeat: no-repeat !important;background-size: cover !important;}\u00bb][vc_column width=\u00bb1\/2&#8243; css=\u00bb.vc_custom_1496667886436{background-image: url(http:\/\/www.comporta-signature.com\/wp-content\/uploads\/2016\/12\/IMG_7004.jpg?id=1560) !important;background-position: center !important;background-repeat: no-repeat !important;background-size: cover !important;}\u00bb][vc_empty_space height=\u00bb700px\u00bb][\/vc_column][vc_column width=\u00bb1\/2&#8243;][vc_column_text css=\u00bb.vc_custom_1499768124411{padding-right: 20px !important;padding-left: 20px !important;}\u00bb]<\/p>\n<p style=\"text-align: left;\"><span style=\"font-family: 'La Belle Aurore', cursive; text-align: center; font-size: 25px; line-height: 18px; text-transform: none; letter-spacing: 0.05em; color: #414141;\"> Mucho antes de que estuviese de moda el estilo \u201craw-chic\u201d, nuestra interiorista, Livia Cioara, estaba sumergida en esta filosof\u00eda. Livia tiene una conexi\u00f3n innata con el estilo neorrural donde la intenci\u00f3n es dar un toque elegante pero natural a la vez. Para ello se da prioridad a las texturas, a los materiales, a la luz, y se busca ligereza en los vol\u00famenes. Sus creaciones \u201cllave en mano hasta las cucharitas de caf\u00e9\u201d est\u00e1n en sinton\u00eda con las creaciones de nuestros arquitectos.<br \/>\n<\/span><\/p>\n<p>[\/vc_column_text][\/vc_column][\/vc_row][vc_row full_width=\u00bbstretch_row_content\u00bb content_placement=\u00bbmiddle\u00bb css=\u00bb.vc_custom_1495202820248{background-position: center !important;background-repeat: no-repeat !important;background-size: cover !important;}\u00bb][vc_column width=\u00bb1\/2&#8243;][vc_column_text css=\u00bb.vc_custom_1499768167542{padding-right: 20px !important;padding-left: 20px !important;}\u00bb]<\/p>\n<p style=\"text-align: left;\"><span style=\"font-family: 'La Belle Aurore', cursive; text-align: center; font-size: 25px; line-height: 18px; text-transform: none; letter-spacing: 0.05em; color: #414141;\"> Trabajar entre Marbella y Comporta, la lleva a combinar con armon\u00eda, la opulencia de la ciudad espa\u00f1ola con la autenticidad rural de las \u201cherdades\u201d portuguesas para crear un ambiente \u00fanico en cada hogar.<br \/>\nComporta Signature ofrece junto con el contrato de construcci\u00f3n, un acuerdo previo para el dise\u00f1o de interiores, de esta manera podr\u00e9is disfrutar de una armon\u00eda especial entre la arquitectura, el interiorismo y el ADN local.<br \/>\n<\/span><\/p>\n<p>[\/vc_column_text][\/vc_column][vc_column width=\u00bb1\/2&#8243; css=\u00bb.vc_custom_1495553580826{background-image: url(http:\/\/www.comporta-signature.com\/wp-content\/uploads\/2016\/12\/detail-chambre-africa.jpg?id=1209) !important;background-position: center !important;background-repeat: no-repeat !important;background-size: cover !important;}\u00bb][vc_empty_space height=\u00bb700px\u00bb][\/vc_column][\/vc_row][vc_row full_width=\u00bbstretch_row_content\u00bb content_placement=\u00bbmiddle\u00bb css=\u00bb.vc_custom_1495202820248{background-position: center !important;background-repeat: no-repeat !important;background-size: cover !important;}\u00bb][vc_column width=\u00bb1\/2&#8243; css=\u00bb.vc_custom_1496667953650{background-image: url(http:\/\/www.comporta-signature.com\/wp-content\/uploads\/2016\/12\/detail-sdb-africa.jpg?id=1210) !important;background-position: center !important;background-repeat: no-repeat !important;background-size: cover !important;}\u00bb][vc_empty_space height=\u00bb700px\u00bb][\/vc_column][vc_column width=\u00bb1\/2&#8243; css=\u00bb.vc_custom_1496828100891{background-image: url(http:\/\/www.comporta-signature.com\/wp-content\/uploads\/2016\/12\/IMG_5693.jpg?id=1646) !important;background-position: center !important;background-repeat: no-repeat !important;background-size: cover !important;}\u00bb][vc_empty_space height=\u00bb700px\u00bb][\/vc_column][\/vc_row][vc_row full_width=\u00bbstretch_row_content\u00bb content_placement=\u00bbmiddle\u00bb css=\u00bb.vc_custom_1495202820248{background-position: center !important;background-repeat: no-repeat !important;background-size: cover !important;}\u00bb][vc_column css=\u00bb.vc_custom_1497023289382{background-image: url(http:\/\/www.comporta-signature.com\/wp-content\/uploads\/2016\/12\/kakifish.jpg?id=1779) !important;background-position: center !important;background-repeat: no-repeat !important;background-size: cover !important;}\u00bb][vc_empty_space height=\u00bb700px\u00bb][vc_column_text]<\/p>\n<h5 style=\"color: #ffffff; font-size: 14px; text-align: center;\">LzF KOI by Inocuo The Sign<\/h5>\n<p>[\/vc_column_text][\/vc_column][\/vc_row][vc_row full_width=\u00bbstretch_row_content\u00bb content_placement=\u00bbmiddle\u00bb css=\u00bb.vc_custom_1495202820248{background-position: center !important;background-repeat: no-repeat !important;background-size: cover !important;}\u00bb][vc_column width=\u00bb1\/2&#8243; css=\u00bb.vc_custom_1495794507867{background-image: url(http:\/\/www.comporta-signature.com\/wp-content\/uploads\/2016\/12\/8468390906_0c4e36c6fa_o.jpg?id=1374) !important;background-position: center !important;background-repeat: no-repeat !important;background-size: cover !important;}\u00bb][vc_empty_space height=\u00bb700px\u00bb][\/vc_column][vc_column width=\u00bb1\/2&#8243; css=\u00bb.vc_custom_1495794564956{background-image: url(http:\/\/www.comporta-signature.com\/wp-content\/uploads\/2016\/12\/raw-chic-dining.jpg?id=1375) !important;background-position: center !important;background-repeat: no-repeat !important;background-size: cover !important;}\u00bb][vc_empty_space height=\u00bb700px\u00bb][\/vc_column][\/vc_row][vc_row full_width=\u00bbstretch_row_content\u00bb content_placement=\u00bbmiddle\u00bb css=\u00bb.vc_custom_1495202820248{background-position: center !important;background-repeat: no-repeat !important;background-size: cover !important;}\u00bb][vc_column width=\u00bb1\/2&#8243; css=\u00bb.vc_custom_1496136602009{background-image: url(http:\/\/www.comporta-signature.com\/wp-content\/uploads\/2016\/12\/chaise-hamac-chaises-en-bois-ondulantes-design-unique.jpg?id=1430) !important;background-position: center !important;background-repeat: no-repeat !important;background-size: cover !important;}\u00bb][vc_empty_space height=\u00bb400px\u00bb][\/vc_column][vc_column width=\u00bb1\/2&#8243; css=\u00bb.vc_custom_1496136760247{background-image: url(http:\/\/www.comporta-signature.com\/wp-content\/uploads\/2016\/12\/prodotti-126666-relf1bf0317af644d358c70b21e6b11178f.jpg?id=1429) !important;background-position: center !important;background-repeat: no-repeat !important;background-size: cover !important;}\u00bb][vc_empty_space height=\u00bb400px\u00bb][\/vc_column][\/vc_row][vc_row full_width=\u00bbstretch_row\u00bb content_placement=\u00bbmiddle\u00bb css=\u00bb.vc_custom_1496997424653{background-color: #9c8c56 !important;}\u00bb][vc_column][vc_column_text]<img decoding=\"async\" class=\"aligncenter\" src=\"http:\/\/www.comporta-signature.com\/wp-content\/uploads\/2017\/06\/white.svg\" width=\"320\" height=\"auto\" \/>[\/vc_column_text][\/vc_column][\/vc_row][vc_row full_width=\u00bbstretch_row_content\u00bb css=\u00bb.vc_custom_1558694233495{background-color: #9c8c56 !important;}\u00bb][vc_column][vc_wp_custommenu nav_menu=\u00bb21&#8243; el_id=\u00bbmenuHorizontal\u00bb][\/vc_column][\/vc_row]<\/p>","protected":false},"excerpt":{"rendered":"<p>[vc_row full_width=\u00bbstretch_row_content\u00bb content_placement=\u00bbmiddle\u00bb css=\u00bb.vc_custom_1497001760132{margin-right: 30px !important;margin-left: 30px !important;border-bottom-width: -40px !important;}\u00bb][vc_column][vc_column_text] Artesanos inmobiliarios desde 1980 Hemos desarrollado durante 30 a\u00f1os, la filosof\u00eda del artesanado de lujo del sector inmobiliario. Cada proyecto &#8230;<\/p>\n","protected":false},"author":1,"featured_media":0,"parent":0,"menu_order":0,"comment_status":"closed","ping_status":"closed","template":"","meta":{"footnotes":""},"class_list":["post-10","page","type-page","status-publish","hentry"],"_links":{"self":[{"href":"https:\/\/www.comporta-signature.com\/es\/wp-json\/wp\/v2\/pages\/10","targetHints":{"allow":["GET"]}}],"collection":[{"href":"https:\/\/www.comporta-signature.com\/es\/wp-json\/wp\/v2\/pages"}],"about":[{"href":"https:\/\/www.comporta-signature.com\/es\/wp-json\/wp\/v2\/types\/page"}],"author":[{"embeddable":true,"href":"https:\/\/www.comporta-signature.com\/es\/wp-json\/wp\/v2\/users\/1"}],"replies":[{"embeddable":true,"href":"https:\/\/www.comporta-signature.com\/es\/wp-json\/wp\/v2\/comments?post=10"}],"version-history":[{"count":258,"href":"https:\/\/www.comporta-signature.com\/es\/wp-json\/wp\/v2\/pages\/10\/revisions"}],"predecessor-version":[{"id":2073,"href":"https:\/\/www.comporta-signature.com\/es\/wp-json\/wp\/v2\/pages\/10\/revisions\/2073"}],"wp:attachment":[{"href":"https:\/\/www.comporta-signature.com\/es\/wp-json\/wp\/v2\/media?parent=10"}],"curies":[{"name":"wp","href":"https:\/\/api.w.org\/{rel}","templated":true}]}}